{"id":70,"date":"2021-04-20T03:09:14","date_gmt":"2021-04-20T03:09:14","guid":{"rendered":"https:\/\/www.salvarchirasoria.com\/?page_id=70"},"modified":"2021-06-16T09:47:04","modified_gmt":"2021-06-16T09:47:04","slug":"resumen-proyecto-chira-soria","status":"publish","type":"page","link":"https:\/\/www.salvarchirasoria.com\/index.php\/resumen-proyecto-chira-soria\/","title":{"rendered":"RESUMEN PROYECTO CHIRA-SORIA"},"content":{"rendered":"\n<p><\/p>\n\n\n\n<figure class=\"wp-block-video\"><video controls src=\"https:\/\/www.salvarchirasoria.com\/wp-content\/uploads\/2021\/06\/Video-resumen-Proyecto-Chira-Soria.mp4\"><\/video><\/figure>\n\n\n\n<p><\/p>\n\n\n\n<p class=\"has-black-color has-text-color has-medium-font-size\"><strong>Plataforma Canaria contra los Macroproyectos Hidroel\u00e9ctricos. <\/strong><\/p>\n\n\n\n<figure class=\"wp-block-image size-large\"><img decoding=\"async\" width=\"492\" height=\"289\" src=\"https:\/\/www.salvarchirasoria.com\/wp-content\/uploads\/2021\/04\/image-4-1.png\" alt=\"\" class=\"wp-image-92\" srcset=\"https:\/\/www.salvarchirasoria.com\/wp-content\/uploads\/2021\/04\/image-4-1.png 492w, https:\/\/www.salvarchirasoria.com\/wp-content\/uploads\/2021\/04\/image-4-1-300x176.png 300w\" sizes=\"(max-width: 492px) 100vw, 492px\" \/><\/figure>\n\n\n\n<p class=\"has-black-color has-text-color has-medium-font-size\"><br>El denominado Proyecto Chira-Soria consiste en una central hidroel\u00e9ctrica reversible y subterr\u00e1nea que espera poner su primera piedra en los pr\u00f3ximos meses, y que est\u00e1 construyendo Red El\u00e9ctrica de Espa\u00f1a (REE). Con m\u00e1s de 400 millones de euros de presupuesto, es la obra de ingenier\u00eda civil m\u00e1s grande que se realizar\u00e1 en Espa\u00f1a en los pr\u00f3ximos a\u00f1os.<br><\/p>\n\n\n\n<p class=\"has-black-color has-text-color has-medium-font-size\">La futura central hidroel\u00e9ctrica reversible funcionar\u00e1 en teor\u00eda de la siguiente manera: por la noche, cuando m\u00e1s sople el viento en el sur de la isla, la electricidad sobrante de los aerogeneradores servir\u00e1 para bombear agua desde el embalse de Soria, a 600 metros sobre el nivel del mar, hasta el de Chira, situado otros 300 metros m\u00e1s arriba. Entre uno y otro estar\u00e1 la central, excavada a 400 metros bajo el pantano superior en una caverna que los ingenieros de la obra ya conocen como La Catedral, b\u00e1sicamente porque la Bas\u00edlica de Santa Ana en Las Palmas de Gran Canaria, con sus 40 metros de altura, cabr\u00eda perfectamente dentro.<\/p>\n\n\n\n<p class=\"has-black-color has-text-color has-medium-font-size\"><br>En realidad como actualmente no sobra energ\u00eda el\u00e9ctrica se construir\u00e1 una central convencional de generaci\u00f3n de energ\u00eda junto a la desaladora para garantizar la desalaci\u00f3n y bombeo.<br><\/p>\n\n\n\n<h2 class=\"wp-block-heading\"><strong>CENTRAL HIDROEL\u00c9CTRICA<\/strong><br><\/h2>\n\n\n\n<p class=\"has-black-color has-text-color has-medium-font-size\">La central integrar\u00e1 tanto bombas para impulsar el agua hacia Chira como turbinas para convertir en electricidad la que baja hasta Soria mediante un t\u00fanel vertical de 300 metros de largo y cinco de di\u00e1metro que genera pesadillas log\u00edsticas a todos los que lo est\u00e1n construyendo.<br><\/p>\n\n\n\n<p class=\"has-black-color has-text-color has-medium-font-size\">Tras un \u00faltimo modificado, Red El\u00e9ctrica est\u00e1 ahora a la espera de una Declaraci\u00f3n de Impacto Ambiental positiva para dar el pistoletazo de salida a la obra.<\/p>\n\n\n\n<p><\/p>\n\n\n\n<h2 class=\"wp-block-heading\">PLANTA DESALADORA<\/h2>\n\n\n\n<p><\/p>\n\n\n\n<p class=\"has-black-color has-text-color has-medium-font-size\">Lo primero que se construir\u00e1 ser\u00e1 una planta desalinizadora en Santa Agueda( Arguinegu\u00edn), junto a la playa. Durante los aproximadamente tres a\u00f1os de construcci\u00f3n de la central, la desalinizadora bombear\u00e1 minuciosamente agua dulce hacia Soria a raz\u00f3n de 5.000 metros c\u00fabicos diarios con la idea de que, cuando la planta sea inaugurada, los pantanos est\u00e9n moderadamente llenos.<\/p>\n\n\n\n<p class=\"has-black-color has-text-color has-medium-font-size\"><br>Para garantizar que en las presas de Chira y Soria siempre haya agua para saltar, REE mantiene la previsi\u00f3n inicial de construir una desaladora en Arguinegu\u00edn con un plazo de ejecuci\u00f3n de las obras de 26 meses y capacidad de producci\u00f3n suficiente para cubrir el volumen necesario para el circuito hidr\u00e1ulico, esto es, 1,8 millones de metros c\u00fabicos al a\u00f1o. <\/p>\n\n\n\n<p><\/p>\n\n\n\n<h2 class=\"wp-block-heading\">BOMBEO DEL AGUA DESDE EL MAR A LA CUMBRE<\/h2>\n\n\n\n<p><\/p>\n\n\n\n<p class=\"has-text-align-left has-black-color has-text-color has-medium-font-size\">Para elevar el agua desalada desde Arguinegu\u00edn hasta la compuerta y atagu\u00eda de Soria, el proyecto contempla la creaci\u00f3n de una conducci\u00f3n de tuber\u00edas con dos estaciones de bombeo para la impulsi\u00f3n. Su longitud ronda los 19,51 kil\u00f3metros.<\/p>\n\n\n\n<p class=\"has-text-align-left has-black-color has-text-color has-medium-font-size\"><br>El acceso a la central se har\u00e1 construyendo un nuevo t\u00fanel de casi 3 kil\u00f3metros que nacer\u00e1 a la altura de Las Filipinas y permitir\u00e1 llevar las turbinas y el resto de estructuras.<br><\/p>\n\n\n\n<h2 class=\"wp-block-heading\">CONCESI\u00d3N A RED EL\u00c9CTRICA<\/h2>\n\n\n\n<p class=\"has-text-align-left has-black-color has-text-color has-medium-font-size\"><br>El proyecto es, en su concepci\u00f3n, pol\u00e9mico. En 2016, el Ministerio de Industria, Energ\u00eda y Turismo introdujo en las islas un cupo e\u00f3lico de 436 megavatios que permiti\u00f3 la entrada de m\u00faltiples actores como Gas Natural, Iberdrola o Gamesa en un terreno de juego que<br>durante d\u00e9cadas hab\u00eda sido un monopolio exclusivo de Unelco (m\u00e1s tarde adquirida por Endesa), quien opera las centrales t\u00e9rmicas que abastecen a las islas Canarias.<\/p>\n\n\n\n<p class=\"has-text-align-left has-black-color has-text-color has-medium-font-size\"><br>Cuando en 2011 se abri\u00f3 un concurso para hacerse cargo de la obra, a iniciativa del Cabildo de Gran Canaria, Unelco-Endesa se llev\u00f3 el gato al agua al ser la \u00fanica empresa que se present\u00f3. Por entonces la central iba a ser una generadora de energ\u00eda hidr\u00e1ulica.<\/p>\n\n\n\n<p class=\"has-text-align-left has-black-color has-text-color has-medium-font-size\">Sin embargo, en 2013 toda la situaci\u00f3n sufri\u00f3 un vuelco cuando el Ministerio dirigido por Jos\u00e9 Manuel Soria public\u00f3 en el BOE la Ley de Garant\u00eda de Suministro e Incremento de la Competencia de los Sistemas El\u00e9ctricos Insulares y Extrapeninsulares. Esto se tradujo, en resumidas cuentas, en que la concesi\u00f3n pasaba de Unelco-Endesa a Red El\u00e9ctrica y<br>el proyecto, en lugar de generar energ\u00eda, se centrar\u00eda en almacenarla, como una gran pila concentrada en un embalse a 900 metros de altura. Las negociaciones entre ambas se demoraron a\u00fan varios meses m\u00e1s, hasta que en 2015 Endesa cedi\u00f3 y subrog\u00f3 el proyecto.<\/p>\n\n\n\n<h2 class=\"wp-block-heading\"><br>AFECCIONES DEL PROYECTO<\/h2>\n\n\n\n<p class=\"has-black-color has-text-color has-medium-font-size\"><br>1- La m\u00e1s importante es que trat\u00e1ndose de una obra que va a regular el sistema el\u00e9ctrico de toda la isla de Gran Canaria se entregue su ejecuci\u00f3n y explotaci\u00f3n a una empresaprivada (REE). Quedando la isla en situaci\u00f3n de monopolio energ\u00e9tico y forzando al consumidor a pagar el coste en la parte fija del recibo.<\/p>\n\n\n\n<p class=\"has-black-color has-text-color has-medium-font-size\"><br>La obra se desarrolla en su mayor parte en terrenos de titularidad p\u00fablica (cause del barranco de Arguineguin) que son entregados a una empresa privada para su lucro, afectando tambi\u00e9n a 300 parcelas de titularidad privada que ser\u00e1n expropiadas.<\/p>\n\n\n\n<p class=\"has-black-color has-text-color has-medium-font-size\"><br>En segundo lugar carece absolutamente de sentido existiendo otras alternativas de menor coste e impacto ambiental como son las grandes bater\u00edas.<\/p>\n\n\n\n<p class=\"has-black-color has-text-color has-medium-font-size\"><br>Se trata de un proyecto, hoy por hoy, innecesario ya que no se han dado hasta la fecha picos de consumo que hicieran necesario almacenar energ\u00eda sobrante en horas nocturnas y menos los habr\u00e1 en el futuro debido al reciente desarrollo de veh\u00edculos el\u00e9ctricos susceptibles de carga durante la noche.<br>Lejos de disminuir las emisiones de gases de efecto invernadero las aumentar\u00e1 debido al coste energ\u00e9tico desalar el agua del mar y bombearla a 900 metros de altitud para llenar una presas con agua desalada con enormes p\u00e9rdidas por infiltraci\u00f3n y evaporaci\u00f3n.<\/p>\n\n\n\n<p><\/p>\n\n\n\n<p class=\"has-black-color has-text-color has-medium-font-size\">2-El impacto ecol\u00f3gico es brutal al preverse una excavaci\u00f3n de 29 kil\u00f3metros en el cause p\u00fablico de un barranco para enterrar las tuber\u00edas de impulsi\u00f3n.<\/p>\n\n\n\n<p class=\"has-black-color has-text-color has-medium-font-size\"><br>3-El impacto de la instalaci\u00f3n de 18 kil\u00f3metros de l\u00edneas el\u00e9ctricas de alta y media tensi\u00f3n ser\u00e1 bestial sobre el paisaje y afectara a 4 Zonas de ZEC Y ZEPAS en d\u00f3nde habitan numerosas especies  protegidas por la legislaci\u00f3n europea.<\/p>\n\n\n\n<p class=\"has-black-color has-text-color has-medium-font-size\"><br>4-Los caminos y v\u00eda de servicio que se ejecutar\u00e1n para la construcci\u00f3n de la obra destrozaran unos parajes v\u00edrgenes de singular belleza.<\/p>\n\n\n\n<p><\/p>\n\n\n\n<p class=\"has-black-color has-text-color has-medium-font-size\">5-Los \u00e1ridos procedentes de los movimientos de tierra, excavaciones de t\u00faneles constituir\u00e1n una agresi\u00f3n all\u00ed donde se depositen.<\/p>\n\n\n\n<p class=\"has-black-color has-text-color has-medium-font-size\"><br>6-La afecci\u00f3n m\u00e1s importante es, sin lugar a dudas, la que va a producir sobre la ZEC, Franja Marina de Mog\u00e1n, en la que se va a vestir salmuera proveniente de la desaladora, a raz\u00f3n de 2700 metros c\u00fabicos diarios de salmuera.<\/p>\n\n\n\n<p class=\"has-black-color has-text-color has-medium-font-size\"><br>El vertido directo al mar de salmuera, sobre las praderas protegidas de sebadales (C. nodosa) procedente de los procesos de desalaci\u00f3n, forma un penacho de agua muy densa (pluma) que se dispersa sobre el fondo marino por su mayor densidad en la direcci\u00f3n de m\u00e1xima pendiente. La elevada diferencia de densidad hace que los procesos de diluci\u00f3n de la salmuera con el agua de mar del entorno sean lentos por lo que estas plumas hipersalinas se extienden sobre amplias \u00e1reas afectando a su paso a las comunidades bent\u00f3nicas presente, como est\u00e1 ocurriendo en con la planta desaladora Maspalomas II al sur de la isla de Gran Canaria (Islas Canarias) vierte la salmuera a trav\u00e9s de un emisario submarino sobre parte de la pradera marina de C. nodosa (sebadal) m\u00e1s extensa de la isla, en la que se observa el efecto destructor directo de la salmuera.<\/p>\n\n\n\n<p class=\"has-black-color has-text-color has-medium-font-size\"><br>A la salmuera hay que a\u00f1adir el efecto de metabisulfito s\u00f3dico (Na2S2O5) que se emplea para limpiar las membranas utilizadas en la desalaci\u00f3n.<\/p>\n\n\n\n<p><\/p>\n\n\n\n<h2 class=\"wp-block-heading\"><br>IMPACTOS AMBIENTALES ESPEC\u00cdFICOS QUE AFECTAN A LA LEGISLACI\u00d3N EUROPEA<br><\/h2>\n\n\n\n<p class=\"has-black-color has-text-color has-medium-font-size\">El Proyecto afecta directa o indirectamente a cinco espacios Red Natura 2000 localizados en la isla de Gran Canaria, concretamente a:<\/p>\n\n\n\n<p class=\"has-black-color has-text-color has-medium-font-size\"><br>A- ZEC Franja Marina de Mog\u00e1n (ES7010017). Afecci\u00f3n Directa por conducci\u00f3n de toma<br>de agua e indirecta por conducci\u00f3n de vertido de la EDAM. Afecta a extensos sebadales,as\u00ed como de poblaciones de algas verdes.La riqueza faun\u00edstica de la zona es elevada, con una considerable diversidad de macroinvertebrados, principalmente donde existenestructuras rocosas con cobertura de algas.<br>Dentro de la comunidad de peces destacan el caballito de mar (Hippocampus hippocampus), la<br>vieja (Sparisoma cretense), la seif\u00eda (Diplodus vulgaris) o la salema (Sarpa salpa).Adem\u00e1s, supone un importante punto de alimentaci\u00f3n y descanso estacional para cet\u00e1ceos grandes y medianos, como el delf\u00edn mular (Tursiops truncatus), el delf\u00edn moteado(Stenella frontalis), el delf\u00edn com\u00fan (Delphinus delphis), el calder\u00f3n gris (Grampus griseus) o el rorcual com\u00fan (Balaenoptera physalus), entre otros, as\u00ed como para tortuga boba (Caretta caretta) y tortuga verde (Chelonia mydas).<\/p>\n\n\n\n<p class=\"has-black-color has-text-color has-medium-font-size\"><br>B- ZEC Macizo de Tauro II (ES7011004).Directa por Lineas de Alta Tension (LAT) y conducci\u00f3n de impulsi\u00f3n de agua tratada. Afecta a poblaciones de Teline rosmarinifolia es unaespecie end\u00e9mica de la isla de Gran Canaria. De las dos subespecies catalogadas, T. rosmarinifolia ssp. rosmarinifolia es la que se encuentra incluida en el Anexo III del Cat\u00e1logoCanario de Especies Protegidas (Ley 4\/2010, de 4 de junio), que corresponde con a la categor\u00eda \u201cde inter\u00e9s para los ecosistemas canarios\u201d.<\/p>\n\n\n\n<p class=\"has-black-color has-text-color has-medium-font-size\"><br>El plan de gesti\u00f3n de esta ZEC reconoce la presencia dentro de la misma de 5 tipos de h\u00e1bitat de inter\u00e9s comunitario. Entre ellos destaca el h\u00e1bitat 9370 de los Palmerales dePhoenix por ser prioritario.<\/p>\n\n\n\n<p><\/p>\n\n\n\n<p class=\"has-black-color has-text-color has-medium-font-size\">C-ZEC y ZEPA Tauro (ES0000113).Indirecta por LAT y LMT. Alberga poblaciones vegetales y animales catalogadas como especies amenazadas, elementos end\u00e9micos y especies con protecci\u00f3n especial. En las inmediaciones de la monta\u00f1a de Tauro se asienta un pinar abierto de repoblaci\u00f3n rodeado por matorrales de sustituci\u00f3n con jaras (Cistusmonspeliensis), le\u00f1a buena (Neochamaelea pulvurulenta), etc., mientras que el resto del espacio est\u00e1 ocupado por tabaibas y cardones. Tambi\u00e9n existen numerosos endemismos flor\u00edsticos del sur de la isla y enclaves de gran valor bot\u00e1nico.<\/p>\n\n\n\n<p class=\"has-black-color has-text-color has-medium-font-size\"><br>D-ZEC El Nublo II (ES7010039). Directa por circuito hidr\u00e1ulico, accesos, LMT, dep\u00f3sitos de inertes e instalaciones temporales de obra. Alberga, al menos, 168 taxones bot\u00e1nicos, delos cuales 53 son end\u00e9micos de la isla y 64 end\u00e9micos de Canarias. En \u00e9l se encuentran todos los grupos faun\u00edsticos conocidos de Canarias. Cuenta con \u00e1reas de nidificaci\u00f3n de especies amenazadas como el pinz\u00f3n azul de Gran Canaria, y presencia de ejemplares de halc\u00f3n tagarote y \u00e1guila pescadora.<\/p>\n\n\n\n<p class=\"has-black-color has-text-color has-medium-font-size\"><br>E- ZEPA Ayagaures y Pilancones (ES0000110). Directa por acondicionamiento de carretera de acceso e indirecta por circuito hidr\u00e1ulico y LMT. Esta ZEPA protege tres especies de aves incluidas en el anexo I de la Directiva 2009\/147\/CE (Directiva Aves) m\u00e1s una cuarta no incluida en dicho anexo: El picapinos de Gran Canaria (Dendrocopos major thanneri); El pinz\u00f3n azul de Gran Canaria (Fringilla teydea polatzekii) se considera la especie m\u00e1s amenazada de la avifauna grancanaria y est\u00e1 incluida en la categor\u00eda \u201cen peligro de extinci\u00f3n\u201dpor el Cat\u00e1logo de Especies Protegidas de Canarias y el camachuelo trompetero (Bucanetes githagineus) .<\/p>\n\n\n\n<p><\/p>\n","protected":false},"excerpt":{"rendered":"<p>Plataforma Canaria contra los Macroproyectos Hidroel\u00e9ctricos. El denominado Proyecto Chira-Soria consiste en una central hidroel\u00e9ctrica reversible y subterr\u00e1nea que espera poner su primera piedra en los pr\u00f3ximos meses, y que est\u00e1 construyendo Red El\u00e9ctrica de Espa\u00f1a (REE). Con m\u00e1s de 400 millones de euros de presupuesto, es la obra de ingenier\u00eda civil m\u00e1s grande que [&hellip;]<\/p>\n","protected":false},"author":3,"featured_media":92,"parent":0,"menu_order":0,"comment_status":"closed","ping_status":"closed","template":"","meta":{"footnotes":""},"class_list":["post-70","page","type-page","status-publish","has-post-thumbnail","hentry","entry","has-media"],"_links":{"self":[{"href":"https:\/\/www.salvarchirasoria.com\/index.php\/wp-json\/wp\/v2\/pages\/70","targetHints":{"allow":["GET"]}}],"collection":[{"href":"https:\/\/www.salvarchirasoria.com\/index.php\/wp-json\/wp\/v2\/pages"}],"about":[{"href":"https:\/\/www.salvarchirasoria.com\/index.php\/wp-json\/wp\/v2\/types\/page"}],"author":[{"embeddable":true,"href":"https:\/\/www.salvarchirasoria.com\/index.php\/wp-json\/wp\/v2\/users\/3"}],"replies":[{"embeddable":true,"href":"https:\/\/www.salvarchirasoria.com\/index.php\/wp-json\/wp\/v2\/comments?post=70"}],"version-history":[{"count":13,"href":"https:\/\/www.salvarchirasoria.com\/index.php\/wp-json\/wp\/v2\/pages\/70\/revisions"}],"predecessor-version":[{"id":610,"href":"https:\/\/www.salvarchirasoria.com\/index.php\/wp-json\/wp\/v2\/pages\/70\/revisions\/610"}],"wp:featuredmedia":[{"embeddable":true,"href":"https:\/\/www.salvarchirasoria.com\/index.php\/wp-json\/wp\/v2\/media\/92"}],"wp:attachment":[{"href":"https:\/\/www.salvarchirasoria.com\/index.php\/wp-json\/wp\/v2\/media?parent=70"}],"curies":[{"name":"wp","href":"https:\/\/api.w.org\/{rel}","templated":true}]}}